{"id":709,"date":"2019-08-18T00:12:47","date_gmt":"2019-08-17T22:12:47","guid":{"rendered":"http:\/\/wordpress1933742.home.pl\/autoinstalator\/wordpressplugins1\/?page_id=709"},"modified":"2019-09-08T11:23:15","modified_gmt":"2019-09-08T09:23:15","slug":"polityka-prywatnosci","status":"publish","type":"page","link":"https:\/\/forumrodziny.pl\/index.php\/polityka-prywatnosci\/","title":{"rendered":"POLITYKA PRYWATNO\u015aCI"},"content":{"rendered":"\t\t<div data-elementor-type=\"wp-post\" data-elementor-id=\"709\" class=\"elementor elementor-709\">\n\t\t\t\t\t\t<section class=\"elementor-section elementor-top-section elementor-element elementor-element-8f44421 elementor-section-boxed elementor-section-height-default elementor-section-height-default\" data-id=\"8f44421\" data-element_type=\"section\">\n\t\t\t\t\t\t<div class=\"elementor-container elementor-column-gap-default\">\n\t\t\t\t\t<div class=\"elementor-column elementor-col-100 elementor-top-column elementor-element elementor-element-e1df05f\" data-id=\"e1df05f\" data-element_type=\"column\">\n\t\t\t<div class=\"elementor-widget-wrap elementor-element-populated\">\n\t\t\t\t\t\t\t<\/div>\n\t\t<\/div>\n\t\t\t\t\t<\/div>\n\t\t<\/section>\n\t\t\t\t<section class=\"elementor-section elementor-top-section elementor-element elementor-element-9023af6 elementor-section-content-top elementor-section-height-min-height elementor-section-boxed elementor-section-height-default elementor-section-items-middle\" data-id=\"9023af6\" data-element_type=\"section\">\n\t\t\t\t\t\t<div class=\"elementor-container elementor-column-gap-default\">\n\t\t\t\t\t<div class=\"elementor-column elementor-col-14 elementor-top-column elementor-element elementor-element-9abee59\" data-id=\"9abee59\" data-element_type=\"column\">\n\t\t\t<div class=\"elementor-widget-wrap elementor-element-populated\">\n\t\t\t\t\t\t<div class=\"elementor-element elementor-element-fb10a3e elementor-widget elementor-widget-text-editor\" data-id=\"fb10a3e\" data-element_type=\"widget\" data-widget_type=\"text-editor.default\">\n\t\t\t\t<div class=\"elementor-widget-container\">\n\t\t\t\t\t\t\t\t\t<h3 style=\"text-align: center;\"><span style=\"color: #ffffff;\"><span style=\"outline: 0px; font-weight: bold;\"><a href=\"http:\/\/wordpress1933742.home.pl\/autoinstalator\/wordpressplugins1\/\">HOME<\/a><\/span><\/span><\/h3>\t\t\t\t\t\t\t\t<\/div>\n\t\t\t\t<\/div>\n\t\t\t\t\t<\/div>\n\t\t<\/div>\n\t\t\t\t<div class=\"elementor-column elementor-col-14 elementor-top-column elementor-element elementor-element-32f7f6a\" data-id=\"32f7f6a\" data-element_type=\"column\">\n\t\t\t<div class=\"elementor-widget-wrap elementor-element-populated\">\n\t\t\t\t\t\t<div class=\"elementor-element elementor-element-0d9b0d8 elementor-widget elementor-widget-text-editor\" data-id=\"0d9b0d8\" data-element_type=\"widget\" data-widget_type=\"text-editor.default\">\n\t\t\t\t<div class=\"elementor-widget-container\">\n\t\t\t\t\t\t\t\t\t<h3 style=\"text-align: center;\"><span style=\"color: #ffffff;\"><span style=\"outline: 0px; font-weight: bold;\"><a href=\"http:\/\/wordpress1933742.home.pl\/autoinstalator\/wordpressplugins1\/index.php\/o-nas\/\">O\u00a0NAS<\/a><\/span><\/span><\/h3>\t\t\t\t\t\t\t\t<\/div>\n\t\t\t\t<\/div>\n\t\t\t\t\t<\/div>\n\t\t<\/div>\n\t\t\t\t<div class=\"elementor-column elementor-col-14 elementor-top-column elementor-element elementor-element-c3049ff\" data-id=\"c3049ff\" data-element_type=\"column\">\n\t\t\t<div class=\"elementor-widget-wrap elementor-element-populated\">\n\t\t\t\t\t\t<div class=\"elementor-element elementor-element-fc03e26 elementor-widget elementor-widget-text-editor\" data-id=\"fc03e26\" data-element_type=\"widget\" data-widget_type=\"text-editor.default\">\n\t\t\t\t<div class=\"elementor-widget-container\">\n\t\t\t\t\t\t\t\t\t<h3 style=\"text-align: center;\"><span style=\"color: #ffffff;\"><span style=\"outline: 0px; font-weight: bold;\"><a href=\"http:\/\/wordpress1933742.home.pl\/autoinstalator\/wordpressplugins1\/index.php\/program-2019\/\">PROGRAM 2019<\/a><\/span><\/span><\/h3>\t\t\t\t\t\t\t\t<\/div>\n\t\t\t\t<\/div>\n\t\t\t\t\t<\/div>\n\t\t<\/div>\n\t\t\t\t<div class=\"elementor-column elementor-col-14 elementor-top-column elementor-element elementor-element-260c7a3\" data-id=\"260c7a3\" data-element_type=\"column\">\n\t\t\t<div class=\"elementor-widget-wrap elementor-element-populated\">\n\t\t\t\t\t\t<div class=\"elementor-element elementor-element-43c2e33 elementor-widget elementor-widget-text-editor\" data-id=\"43c2e33\" data-element_type=\"widget\" data-widget_type=\"text-editor.default\">\n\t\t\t\t<div class=\"elementor-widget-container\">\n\t\t\t\t\t\t\t\t\t<h3 style=\"text-align: center;\"><span style=\"color: #ffffff;\"><span style=\"outline: 0px; font-weight: bold;\"><a href=\"http:\/\/wordpress1933742.home.pl\/autoinstalator\/wordpressplugins1\/index.php\/goscie-i-partnerzy\/\">GO\u015aCIE I PARTNERZY<\/a><\/span><\/span><\/h3>\t\t\t\t\t\t\t\t<\/div>\n\t\t\t\t<\/div>\n\t\t\t\t\t<\/div>\n\t\t<\/div>\n\t\t\t\t<div class=\"elementor-column elementor-col-14 elementor-top-column elementor-element elementor-element-5409046\" data-id=\"5409046\" data-element_type=\"column\">\n\t\t\t<div class=\"elementor-widget-wrap elementor-element-populated\">\n\t\t\t\t\t\t<div class=\"elementor-element elementor-element-e21a1de elementor-widget elementor-widget-text-editor\" data-id=\"e21a1de\" data-element_type=\"widget\" data-widget_type=\"text-editor.default\">\n\t\t\t\t<div class=\"elementor-widget-container\">\n\t\t\t\t\t\t\t\t\t<h3 style=\"text-align: center;\"><a href=\"https:\/\/forumrodziny.pl\/galeria\/\"><b>GALERIA<\/b><\/a><\/h3>\t\t\t\t\t\t\t\t<\/div>\n\t\t\t\t<\/div>\n\t\t\t\t\t<\/div>\n\t\t<\/div>\n\t\t\t\t<div class=\"elementor-column elementor-col-14 elementor-top-column elementor-element elementor-element-7a32719\" data-id=\"7a32719\" data-element_type=\"column\">\n\t\t\t<div class=\"elementor-widget-wrap elementor-element-populated\">\n\t\t\t\t\t\t<div class=\"elementor-element elementor-element-a7b3f27 elementor-widget elementor-widget-text-editor\" data-id=\"a7b3f27\" data-element_type=\"widget\" data-widget_type=\"text-editor.default\">\n\t\t\t\t<div class=\"elementor-widget-container\">\n\t\t\t\t\t\t\t\t\t<h3 style=\"text-align: center;\"><a href=\"https:\/\/forumrodziny.pl\/program-2019\/forum-rodziny-2018\/\"><b>ARCHIWUM<\/b><\/a><\/h3>\t\t\t\t\t\t\t\t<\/div>\n\t\t\t\t<\/div>\n\t\t\t\t\t<\/div>\n\t\t<\/div>\n\t\t\t\t<div class=\"elementor-column elementor-col-14 elementor-top-column elementor-element elementor-element-2333b1f\" data-id=\"2333b1f\" data-element_type=\"column\">\n\t\t\t<div class=\"elementor-widget-wrap elementor-element-populated\">\n\t\t\t\t\t\t<div class=\"elementor-element elementor-element-575b8ba elementor-widget elementor-widget-text-editor\" data-id=\"575b8ba\" data-element_type=\"widget\" data-widget_type=\"text-editor.default\">\n\t\t\t\t<div class=\"elementor-widget-container\">\n\t\t\t\t\t\t\t\t\t<h3 style=\"text-align: center;\"><span style=\"color: #ffffff;\"><span style=\"outline: 0px; font-weight: bold;\"><a href=\"http:\/\/wordpress1933742.home.pl\/autoinstalator\/wordpressplugins1\/\">KONTAKT<\/a><\/span><\/span><\/h3>\t\t\t\t\t\t\t\t<\/div>\n\t\t\t\t<\/div>\n\t\t\t\t\t<\/div>\n\t\t<\/div>\n\t\t\t\t\t<\/div>\n\t\t<\/section>\n\t\t\t\t<section class=\"elementor-section elementor-top-section elementor-element elementor-element-b506983 elementor-section-boxed elementor-section-height-default elementor-section-height-default\" data-id=\"b506983\" data-element_type=\"section\">\n\t\t\t\t\t\t<div class=\"elementor-container elementor-column-gap-default\">\n\t\t\t\t\t<div class=\"elementor-column elementor-col-100 elementor-top-column elementor-element elementor-element-7f42c7c\" data-id=\"7f42c7c\" data-element_type=\"column\">\n\t\t\t<div class=\"elementor-widget-wrap elementor-element-populated\">\n\t\t\t\t\t\t<div class=\"elementor-element elementor-element-6619d99 elementor-widget elementor-widget-heading\" data-id=\"6619d99\" data-element_type=\"widget\" data-widget_type=\"heading.default\">\n\t\t\t\t<div class=\"elementor-widget-container\">\n\t\t\t\t\t<h2 class=\"elementor-heading-title elementor-size-default\">POLITYKA PRYWATNO\u015aCI<\/h2>\t\t\t\t<\/div>\n\t\t\t\t<\/div>\n\t\t\t\t\t<\/div>\n\t\t<\/div>\n\t\t\t\t\t<\/div>\n\t\t<\/section>\n\t\t\t\t<section class=\"elementor-section elementor-top-section elementor-element elementor-element-e2ea3c4 elementor-section-boxed elementor-section-height-default elementor-section-height-default\" data-id=\"e2ea3c4\" data-element_type=\"section\">\n\t\t\t\t\t\t<div class=\"elementor-container elementor-column-gap-default\">\n\t\t\t\t\t<div class=\"elementor-column elementor-col-100 elementor-top-column elementor-element elementor-element-e0174fc\" data-id=\"e0174fc\" data-element_type=\"column\">\n\t\t\t<div class=\"elementor-widget-wrap elementor-element-populated\">\n\t\t\t\t\t\t<div class=\"elementor-element elementor-element-3a80527 elementor-widget elementor-widget-text-editor\" data-id=\"3a80527\" data-element_type=\"widget\" data-widget_type=\"text-editor.default\">\n\t\t\t\t<div class=\"elementor-widget-container\">\n\t\t\t\t\t\t\t\t\t<p>CZEGO DOTYCZY POLITYKA PRYWATNO\u015aCI<\/p>\n<p><\/p>\n<p>Adres naszej strony internetowej:&nbsp; &nbsp;https:\/\/forumrodziny.pl&nbsp;<\/p>\n<p><\/p>\n<p>JAKIE DANE OSOBISTE ZBIERAMY I DLACZEGO JE ZBIERAMY<\/p>\n<p><\/p>\n<p>FORMULARZE KONTAKTOWE<br><\/p>\n<p><\/p>\n<p>Ciasteczka<\/p>\n<p><\/p>\n<p>Je\u015bli zostawisz na naszej witrynie komentarz, b\u0119dziesz m\u00f3g\u0142 wybra\u0107 opcj\u0119 zapisu twojej nazwy, adresu email i adresu strony internetowej w ciasteczkach, dzi\u0119ki kt\u00f3rym podczas pisania kolejnych komentarzy powy\u017csze informacje b\u0119d\u0105 ju\u017c dogodnie uzupe\u0142nione. Te ciasteczka wygasaj\u0105 po roku.<\/p>\n<p><\/p>\n<p>Je\u015bli odwiedzisz stron\u0119 logowania, utworzymy tymczasowe ciasteczko na potrzeby sprawdzenia czy twoja przegl\u0105darka akceptuje ciasteczka. To ciasteczko nie zawiera \u017cadnych danych osobistych i zostanie wyrzucone, kiedy zamkniesz przegl\u0105dark\u0119.<\/p>\n<p><\/p>\n<p>Podczas logowania tworzymy dodatkowo kilka ciasteczek potrzebnych do zapisu twoich informacji logowania oraz wybranych opcji ekranu. Ciasteczka logowania wygasaj\u0105 po dw\u00f3ch dniach, a opcji ekranu po roku. Je\u015bli zaznaczysz opcj\u0119 \u201ePami\u0119taj mnie\u201d, logowanie wyga\u015bnie po dw\u00f3ch tygodniach. Je\u015bli wylogujesz si\u0119 ze swojego konta, ciasteczka logowania zostan\u0105 usuni\u0119te.<\/p>\n<p><\/p>\n<p>Je\u015bli zmodyfikujesz albo opublikujesz artyku\u0142, w twojej przegl\u0105darce zostanie zapisane dodatkowe ciasteczko. To ciasteczko nie zawiera \u017cadnych danych osobistych, wskazuj\u0105c po prostu na identyfikator przed chwil\u0105 edytowanego artyku\u0142u. Wygasa ono po 1 dniu.<\/p>\n<p><\/p>\n<p>Osadzone tre\u015bci z innych witryn<\/p>\n<p><\/p>\n<p>Artyku\u0142y na tej witrynie mog\u0105 zawiera\u0107 osadzone tre\u015bci (np. filmy, obrazki, artyku\u0142y itp.). Osadzone tre\u015bci z innych witryn zachowuj\u0105 si\u0119 analogicznie do tego, jakby u\u017cytkownik odwiedzi\u0142 bezpo\u015brednio konkretn\u0105 witryn\u0119.<\/p>\n<p><\/p>\n<p>Witryny mog\u0105 zbiera\u0107 informacje o tobie, u\u017cywa\u0107 ciasteczek, do\u0142\u0105cza\u0107 dodatkowe, zewn\u0119trzne systemy \u015bledzenia i monitorowa\u0107 twoje interakcje z osadzonym materia\u0142em, w\u0142\u0105czaj\u0105c w to \u015bledzenie twoich interakcji z osadzonym materia\u0142em je\u015bli posiadasz konto i jeste\u015b zalogowany w tamtej witrynie.<\/p>\n<p><\/p>\n<p>Analiza statystyk<\/p>\n<p><\/p>\n<p>Z kim dzielimy si\u0119 danymi<\/p>\n<p><\/p>\n<p>Jak d\u0142ugo przechowujemy twoje dane<\/p>\n<p><\/p>\n<p>Je\u015bli zostawisz komentarz, jego tre\u015b\u0107 i metadane b\u0119d\u0105 przechowywane przez czas nieokre\u015blony. Dzi\u0119ki temu jeste\u015bmy w stanie rozpoznawa\u0107 i zatwierdza\u0107 kolejne komentarze automatycznie, bez wysy\u0142ania ich do ka\u017cdorazowej moderacji.<\/p>\n<p><\/p>\n<p>Dla u\u017cytkownik\u00f3w kt\u00f3rzy zarejestrowali si\u0119 na naszej stronie internetowej (je\u015bli tacy s\u0105), przechowujemy r\u00f3wnie\u017c informacje osobiste wprowadzone w profilu. Ka\u017cdy u\u017cytkownik mo\u017ce dokona\u0107 wgl\u0105du, korekty albo skasowa\u0107 swoje informacje osobiste w dowolnej chwili (nie licz\u0105c nazwy u\u017cytkownika, kt\u00f3rej nie mo\u017cna zmieni\u0107). Administratorzy strony r\u00f3wnie\u017c mog\u0105 przegl\u0105da\u0107 i modyfikowa\u0107 te informacje.<\/p>\n<p><\/p>\n<p>Jakie masz prawa do swoich danych<\/p>\n<p><\/p>\n<p>Je\u015bli masz konto u\u017cytkownika albo doda\u0142e\u015b komentarze w tej witrynie, mo\u017cesz za\u017c\u0105da\u0107 dostarczenia pliku z wyeksportowanym kompletem twoich danych osobistych b\u0119d\u0105cych w naszym posiadaniu, w tym ca\u0142o\u015b\u0107 tych dostarczonych przez ciebie. Mo\u017cesz r\u00f3wnie\u017c za\u017c\u0105da\u0107 usuni\u0119cia przez nas ca\u0142o\u015bci twoich danych osobistych w naszym posiadaniu. Nie dotyczy to \u017cadnych danych kt\u00f3re jeste\u015bmy zobligowani zachowa\u0107 ze wzgl\u0119d\u00f3w administracyjnych, prawnych albo bezpiecze\u0144stwa.<\/p>\n<p><\/p>\n<p>Gdzie przesy\u0142amy dane<\/p>\n<p><\/p>\n<p>Komentarze go\u015bci mog\u0105 by\u0107 sprawdzane za pomoc\u0105 automatycznej us\u0142ugi wykrywania spamu.<\/p>\n<p><\/p>\n<p>Twoje dane kontaktowe<\/p>\n<p><\/p>\n<p>Informacje dodatkowe<\/p>\n<p><\/p>\n<p>Jak chronimy twoje dane?<\/p>\n<p><\/p>\n<p>Jakie mamy obowi\u0105zuj\u0105ce procedury w przypadku naruszenia prywatno\u015bci danych<\/p>\n<p><\/p>\n<p>Od jakich stron trzecich otrzymujemy dane<\/p>\n<p><\/p>\n<p>Jakie automatyczne podejmowanie decyzji i\/lub tworzenie profili przeprowadzamy z u\u017cyciem danych u\u017cytkownika<\/p>\n<p><\/p>\n<p>Bran\u017cowe wymogi regulacyjne dotycz\u0105ce ujawniania informacji<\/p>\t\t\t\t\t\t\t\t<\/div>\n\t\t\t\t<\/div>\n\t\t\t\t\t<\/div>\n\t\t<\/div>\n\t\t\t\t\t<\/div>\n\t\t<\/section>\n\t\t\t\t<\/div>\n\t\t","protected":false},"excerpt":{"rendered":"<p>HOME O&nbsp;NAS PROGRAM 2019 GO\u015aCIE I PARTNERZY GALERIA ARCHIWUM KONTAKT POLITYKA PRYWATNO\u015aCI CZEGO DOTYCZY POLITYKA PRYWATNO\u015aCI Adres naszej strony internetowej:&nbsp; &nbsp;https:\/\/forumrodziny.pl&nbsp; JAKIE DANE OSOBISTE ZBIERAMY I DLACZEGO JE ZBIERAMY FORMULARZE KONTAKTOWE Ciasteczka Je\u015bli zostawisz na naszej witrynie komentarz, b\u0119dziesz m\u00f3g\u0142 wybra\u0107 opcj\u0119 zapisu twojej nazwy, adresu email i adresu strony internetowej w ciasteczkach, dzi\u0119ki kt\u00f3rym &hellip; <\/p>\n<p class=\"link-more\"><a href=\"https:\/\/forumrodziny.pl\/index.php\/polityka-prywatnosci\/\" class=\"more-link\">Czytaj dalej<span class=\"screen-reader-text\"> \u201ePOLITYKA PRYWATNO\u015aCI\u201d<\/span><\/a><\/p>\n","protected":false},"author":1,"featured_media":0,"parent":0,"menu_order":0,"comment_status":"closed","ping_status":"closed","template":"elementor_canvas","meta":{"_monsterinsights_skip_tracking":false,"_monsterinsights_sitenote_active":false,"_monsterinsights_sitenote_note":"","_monsterinsights_sitenote_category":0,"footnotes":""},"class_list":["post-709","page","type-page","status-publish","hentry"],"yoast_head":"<!-- This site is optimized with the Yoast SEO plugin v27.5 - https:\/\/yoast.com\/product\/yoast-seo-wordpress\/ -->\n<title>POLITYKA PRYWATNO\u015aCI &#8212; Forum Rodziny Bytom 2025<\/title>\n<meta name=\"robots\" content=\"index, follow, max-snippet:-1, max-image-preview:large, max-video-preview:-1\" \/>\n<link rel=\"canonical\" href=\"https:\/\/forumrodziny.pl\/index.php\/polityka-prywatnosci\/\" \/>\n<meta property=\"og:locale\" content=\"pl_PL\" \/>\n<meta property=\"og:type\" content=\"article\" \/>\n<meta property=\"og:title\" content=\"POLITYKA PRYWATNO\u015aCI &#8212; Forum Rodziny Bytom 2025\" \/>\n<meta property=\"og:description\" content=\"HOME O&nbsp;NAS PROGRAM 2019 GO\u015aCIE I PARTNERZY GALERIA ARCHIWUM KONTAKT POLITYKA PRYWATNO\u015aCI CZEGO DOTYCZY POLITYKA PRYWATNO\u015aCI Adres naszej strony internetowej:&nbsp; &nbsp;https:\/\/forumrodziny.pl&nbsp; JAKIE DANE OSOBISTE ZBIERAMY I DLACZEGO JE ZBIERAMY FORMULARZE KONTAKTOWE Ciasteczka Je\u015bli zostawisz na naszej witrynie komentarz, b\u0119dziesz m\u00f3g\u0142 wybra\u0107 opcj\u0119 zapisu twojej nazwy, adresu email i adresu strony internetowej w ciasteczkach, dzi\u0119ki kt\u00f3rym &hellip; Czytaj dalej \u201ePOLITYKA PRYWATNO\u015aCI\u201d\" \/>\n<meta property=\"og:url\" content=\"https:\/\/forumrodziny.pl\/index.php\/polityka-prywatnosci\/\" \/>\n<meta property=\"og:site_name\" content=\"Forum Rodziny Bytom 2025\" \/>\n<meta property=\"article:publisher\" content=\"https:\/\/www.facebook.com\/fm.bytom\/\" \/>\n<meta property=\"article:modified_time\" content=\"2019-09-08T09:23:15+00:00\" \/>\n<meta property=\"og:image\" content=\"https:\/\/forumrodziny.pl\/wp-content\/uploads\/2023\/10\/Baner-strona-2023-2.png\" \/>\n\t<meta property=\"og:image:width\" content=\"1200\" \/>\n\t<meta property=\"og:image:height\" content=\"326\" \/>\n\t<meta property=\"og:image:type\" content=\"image\/png\" \/>\n<meta name=\"twitter:card\" content=\"summary_large_image\" \/>\n<meta name=\"twitter:label1\" content=\"Szacowany czas czytania\" \/>\n\t<meta name=\"twitter:data1\" content=\"3 minuty\" \/>\n<script type=\"application\/ld+json\" class=\"yoast-schema-graph\">{\"@context\":\"https:\\\/\\\/schema.org\",\"@graph\":[{\"@type\":\"WebPage\",\"@id\":\"https:\\\/\\\/forumrodziny.pl\\\/index.php\\\/polityka-prywatnosci\\\/\",\"url\":\"https:\\\/\\\/forumrodziny.pl\\\/index.php\\\/polityka-prywatnosci\\\/\",\"name\":\"POLITYKA PRYWATNO\u015aCI &#8212; Forum Rodziny Bytom 2025\",\"isPartOf\":{\"@id\":\"https:\\\/\\\/forumrodziny.pl\\\/#website\"},\"datePublished\":\"2019-08-17T22:12:47+00:00\",\"dateModified\":\"2019-09-08T09:23:15+00:00\",\"breadcrumb\":{\"@id\":\"https:\\\/\\\/forumrodziny.pl\\\/index.php\\\/polityka-prywatnosci\\\/#breadcrumb\"},\"inLanguage\":\"pl-PL\",\"potentialAction\":[{\"@type\":\"ReadAction\",\"target\":[\"https:\\\/\\\/forumrodziny.pl\\\/index.php\\\/polityka-prywatnosci\\\/\"]}]},{\"@type\":\"BreadcrumbList\",\"@id\":\"https:\\\/\\\/forumrodziny.pl\\\/index.php\\\/polityka-prywatnosci\\\/#breadcrumb\",\"itemListElement\":[{\"@type\":\"ListItem\",\"position\":1,\"name\":\"Strona g\u0142\u00f3wna\",\"item\":\"https:\\\/\\\/forumrodziny.pl\\\/\"},{\"@type\":\"ListItem\",\"position\":2,\"name\":\"POLITYKA PRYWATNO\u015aCI\"}]},{\"@type\":\"WebSite\",\"@id\":\"https:\\\/\\\/forumrodziny.pl\\\/#website\",\"url\":\"https:\\\/\\\/forumrodziny.pl\\\/\",\"name\":\"FORUM RODZINY BYTOM 2023\",\"description\":\"Forum Rodziny w Bytomiu to inicjatywa \u015bwieckich katolik\u00f3w, dla kt\u00f3rych tematy i problemy rodzinne maj\u0105 znaczenie\",\"publisher\":{\"@id\":\"https:\\\/\\\/forumrodziny.pl\\\/#organization\"},\"potentialAction\":[{\"@type\":\"SearchAction\",\"target\":{\"@type\":\"EntryPoint\",\"urlTemplate\":\"https:\\\/\\\/forumrodziny.pl\\\/?s={search_term_string}\"},\"query-input\":{\"@type\":\"PropertyValueSpecification\",\"valueRequired\":true,\"valueName\":\"search_term_string\"}}],\"inLanguage\":\"pl-PL\"},{\"@type\":\"Organization\",\"@id\":\"https:\\\/\\\/forumrodziny.pl\\\/#organization\",\"name\":\"FORUM RODZINY BYTOM\",\"url\":\"https:\\\/\\\/forumrodziny.pl\\\/\",\"logo\":{\"@type\":\"ImageObject\",\"inLanguage\":\"pl-PL\",\"@id\":\"https:\\\/\\\/forumrodziny.pl\\\/#\\\/schema\\\/logo\\\/image\\\/\",\"url\":\"https:\\\/\\\/forumrodziny.pl\\\/wp-content\\\/uploads\\\/2021\\\/10\\\/120199841_665024187478317_6038683816953167888_n.png\",\"contentUrl\":\"https:\\\/\\\/forumrodziny.pl\\\/wp-content\\\/uploads\\\/2021\\\/10\\\/120199841_665024187478317_6038683816953167888_n.png\",\"width\":2048,\"height\":2048,\"caption\":\"FORUM RODZINY BYTOM\"},\"image\":{\"@id\":\"https:\\\/\\\/forumrodziny.pl\\\/#\\\/schema\\\/logo\\\/image\\\/\"},\"sameAs\":[\"https:\\\/\\\/www.facebook.com\\\/fm.bytom\\\/\"]}]}<\/script>\n<!-- \/ Yoast SEO plugin. -->","yoast_head_json":{"title":"POLITYKA PRYWATNO\u015aCI &#8212; Forum Rodziny Bytom 2025","robots":{"index":"index","follow":"follow","max-snippet":"max-snippet:-1","max-image-preview":"max-image-preview:large","max-video-preview":"max-video-preview:-1"},"canonical":"https:\/\/forumrodziny.pl\/index.php\/polityka-prywatnosci\/","og_locale":"pl_PL","og_type":"article","og_title":"POLITYKA PRYWATNO\u015aCI &#8212; Forum Rodziny Bytom 2025","og_description":"HOME O&nbsp;NAS PROGRAM 2019 GO\u015aCIE I PARTNERZY GALERIA ARCHIWUM KONTAKT POLITYKA PRYWATNO\u015aCI CZEGO DOTYCZY POLITYKA PRYWATNO\u015aCI Adres naszej strony internetowej:&nbsp; &nbsp;https:\/\/forumrodziny.pl&nbsp; JAKIE DANE OSOBISTE ZBIERAMY I DLACZEGO JE ZBIERAMY FORMULARZE KONTAKTOWE Ciasteczka Je\u015bli zostawisz na naszej witrynie komentarz, b\u0119dziesz m\u00f3g\u0142 wybra\u0107 opcj\u0119 zapisu twojej nazwy, adresu email i adresu strony internetowej w ciasteczkach, dzi\u0119ki kt\u00f3rym &hellip; Czytaj dalej \u201ePOLITYKA PRYWATNO\u015aCI\u201d","og_url":"https:\/\/forumrodziny.pl\/index.php\/polityka-prywatnosci\/","og_site_name":"Forum Rodziny Bytom 2025","article_publisher":"https:\/\/www.facebook.com\/fm.bytom\/","article_modified_time":"2019-09-08T09:23:15+00:00","og_image":[{"width":1200,"height":326,"url":"https:\/\/forumrodziny.pl\/wp-content\/uploads\/2023\/10\/Baner-strona-2023-2.png","type":"image\/png"}],"twitter_card":"summary_large_image","twitter_misc":{"Szacowany czas czytania":"3 minuty"},"schema":{"@context":"https:\/\/schema.org","@graph":[{"@type":"WebPage","@id":"https:\/\/forumrodziny.pl\/index.php\/polityka-prywatnosci\/","url":"https:\/\/forumrodziny.pl\/index.php\/polityka-prywatnosci\/","name":"POLITYKA PRYWATNO\u015aCI &#8212; Forum Rodziny Bytom 2025","isPartOf":{"@id":"https:\/\/forumrodziny.pl\/#website"},"datePublished":"2019-08-17T22:12:47+00:00","dateModified":"2019-09-08T09:23:15+00:00","breadcrumb":{"@id":"https:\/\/forumrodziny.pl\/index.php\/polityka-prywatnosci\/#breadcrumb"},"inLanguage":"pl-PL","potentialAction":[{"@type":"ReadAction","target":["https:\/\/forumrodziny.pl\/index.php\/polityka-prywatnosci\/"]}]},{"@type":"BreadcrumbList","@id":"https:\/\/forumrodziny.pl\/index.php\/polityka-prywatnosci\/#breadcrumb","itemListElement":[{"@type":"ListItem","position":1,"name":"Strona g\u0142\u00f3wna","item":"https:\/\/forumrodziny.pl\/"},{"@type":"ListItem","position":2,"name":"POLITYKA PRYWATNO\u015aCI"}]},{"@type":"WebSite","@id":"https:\/\/forumrodziny.pl\/#website","url":"https:\/\/forumrodziny.pl\/","name":"FORUM RODZINY BYTOM 2023","description":"Forum Rodziny w Bytomiu to inicjatywa \u015bwieckich katolik\u00f3w, dla kt\u00f3rych tematy i problemy rodzinne maj\u0105 znaczenie","publisher":{"@id":"https:\/\/forumrodziny.pl\/#organization"},"potentialAction":[{"@type":"SearchAction","target":{"@type":"EntryPoint","urlTemplate":"https:\/\/forumrodziny.pl\/?s={search_term_string}"},"query-input":{"@type":"PropertyValueSpecification","valueRequired":true,"valueName":"search_term_string"}}],"inLanguage":"pl-PL"},{"@type":"Organization","@id":"https:\/\/forumrodziny.pl\/#organization","name":"FORUM RODZINY BYTOM","url":"https:\/\/forumrodziny.pl\/","logo":{"@type":"ImageObject","inLanguage":"pl-PL","@id":"https:\/\/forumrodziny.pl\/#\/schema\/logo\/image\/","url":"https:\/\/forumrodziny.pl\/wp-content\/uploads\/2021\/10\/120199841_665024187478317_6038683816953167888_n.png","contentUrl":"https:\/\/forumrodziny.pl\/wp-content\/uploads\/2021\/10\/120199841_665024187478317_6038683816953167888_n.png","width":2048,"height":2048,"caption":"FORUM RODZINY BYTOM"},"image":{"@id":"https:\/\/forumrodziny.pl\/#\/schema\/logo\/image\/"},"sameAs":["https:\/\/www.facebook.com\/fm.bytom\/"]}]}},"_links":{"self":[{"href":"https:\/\/forumrodziny.pl\/index.php\/wp-json\/wp\/v2\/pages\/709","targetHints":{"allow":["GET"]}}],"collection":[{"href":"https:\/\/forumrodziny.pl\/index.php\/wp-json\/wp\/v2\/pages"}],"about":[{"href":"https:\/\/forumrodziny.pl\/index.php\/wp-json\/wp\/v2\/types\/page"}],"author":[{"embeddable":true,"href":"https:\/\/forumrodziny.pl\/index.php\/wp-json\/wp\/v2\/users\/1"}],"replies":[{"embeddable":true,"href":"https:\/\/forumrodziny.pl\/index.php\/wp-json\/wp\/v2\/comments?post=709"}],"version-history":[{"count":12,"href":"https:\/\/forumrodziny.pl\/index.php\/wp-json\/wp\/v2\/pages\/709\/revisions"}],"predecessor-version":[{"id":1043,"href":"https:\/\/forumrodziny.pl\/index.php\/wp-json\/wp\/v2\/pages\/709\/revisions\/1043"}],"wp:attachment":[{"href":"https:\/\/forumrodziny.pl\/index.php\/wp-json\/wp\/v2\/media?parent=709"}],"curies":[{"name":"wp","href":"https:\/\/api.w.org\/{rel}","templated":true}]}}